{"id":1546,"date":"2021-10-10T17:25:41","date_gmt":"2021-10-10T17:25:41","guid":{"rendered":"http:\/\/www.familien-fuer-familien.eu\/?post_type=tribe_events&#038;p=1546"},"modified":"2021-10-10T17:27:32","modified_gmt":"2021-10-10T17:27:32","slug":"wie-schaffen-wir-eine-neue-willkommenskultur-in-peine","status":"publish","type":"tribe_events","link":"http:\/\/www.familien-fuer-familien.eu\/en\/termin\/wie-schaffen-wir-eine-neue-willkommenskultur-in-peine\/","title":{"rendered":"Wie schaffen wir eine (neue) Willkommenskultur in Peine?"},"content":{"rendered":"<div class=\"\" dir=\"auto\">\n<div id=\"jsc_c_1gd\" class=\"ecm0bbzt hv4rvrfc ihqw7lf3 dati1w0a\" data-ad-comet-preview=\"message\" data-ad-preview=\"message\">\n<div class=\"j83agx80 cbu4d94t ew0dbk1b irj2b8pg\">\n<div class=\"qzhwtbm6 knvmm38d\">\n<div class=\"kvgmc6g5 cxmmr5t8 oygrvhab hcukyx3x c1et5uql ii04i59q\">\n<div dir=\"auto\"><strong>Runder Tisch \u2013 Informationsaustausch <\/strong><\/div>\n<\/div>\n<div class=\"o9v6fnle cxmmr5t8 oygrvhab hcukyx3x c1et5uql ii04i59q\">\n<div dir=\"auto\"><\/div>\n<div dir=\"auto\">Wir wollen unseren Runden Tisch der Fl\u00fcchtlingshilfe wieder neu \u201eaufleben\u201c lassen und freuen uns, bei dem Treffen viele alte, aber auch neue Mitstreiter*innen willkommen zu hei\u00dfen!<\/div>\n<\/div>\n<div class=\"o9v6fnle cxmmr5t8 oygrvhab hcukyx3x c1et5uql ii04i59q\">\n<div dir=\"auto\"><a class=\"oajrlxb2 g5ia77u1 qu0x051f esr5mh6w e9989ue4 r7d6kgcz rq0escxv nhd2j8a9 nc684nl6 p7hjln8o kvgmc6g5 cxmmr5t8 oygrvhab hcukyx3x jb3vyjys rz4wbd8a qt6c0cv9 a8nywdso i1ao9s8h esuyzwwr f1sip0of lzcic4wl py34i1dx gpro0wi8\" tabindex=\"0\" role=\"link\" href=\"https:\/\/www.paz-online.de\/Stadt-Peine\/Runder-Tisch-Willkommenskultur-fuer-Fluechtlinge-in-Peine?fbclid=IwAR31KUYcczk4b1hprUhf8SeC6wBrXC2r18f_xoH6-6-1rkcfNLc1VIP6qjk\" target=\"_blank\" rel=\"nofollow noopener noreferrer\">https:\/\/www.paz-online.de\/&#8230;\/Runder-Tisch&#8230;<\/a><\/div>\n<\/div>\n<\/div>\n<\/div>\n<\/div>\n<\/div>\n<div dir=\"auto\"><\/div>\n<div class=\"\" dir=\"auto\">\n<div id=\"jsc_c_1gd\" class=\"ecm0bbzt hv4rvrfc ihqw7lf3 dati1w0a\" data-ad-comet-preview=\"message\" data-ad-preview=\"message\">\n<div class=\"j83agx80 cbu4d94t ew0dbk1b irj2b8pg\">\n<div class=\"qzhwtbm6 knvmm38d\">\n<div class=\"o9v6fnle cxmmr5t8 oygrvhab hcukyx3x c1et5uql ii04i59q\">\n<div dir=\"auto\">\n<p><strong>Wo? \u00a0\u00a0\u00a0\u00a0 Im Gemeindehaus der Friedenskirche in der Eichendorffstra\u00dfe 6<\/strong><\/p>\n<p><strong>Wann? Am 15.10.21 ab 17:00 Uhr (im Anschluss an INCA)<a href=\"http:\/\/www.familien-fuer-familien.eu\/wp-content\/uploads\/2021\/10\/2021-09-runderTisch.jpg\" data-rel=\"lightbox-image-0\" data-rl_title=\"\" data-rl_caption=\"\" title=\"\"><img loading=\"lazy\" decoding=\"async\" class=\" wp-image-1547 alignright\" src=\"http:\/\/www.familien-fuer-familien.eu\/wp-content\/uploads\/2021\/10\/2021-09-runderTisch-300x169.jpg\" alt=\"\" width=\"643\" height=\"362\" srcset=\"http:\/\/www.familien-fuer-familien.eu\/wp-content\/uploads\/2021\/10\/2021-09-runderTisch-300x169.jpg 300w, http:\/\/www.familien-fuer-familien.eu\/wp-content\/uploads\/2021\/10\/2021-09-runderTisch-768x432.jpg 768w, http:\/\/www.familien-fuer-familien.eu\/wp-content\/uploads\/2021\/10\/2021-09-runderTisch.jpg 1024w\" sizes=\"auto, (max-width: 643px) 100vw, 643px\" \/><\/a><\/strong><\/p>\n<\/div>\n<div dir=\"auto\">Wir freuen uns auf Euch!<\/div>\n<div dir=\"auto\">Ganz herzliche Gr\u00fc\u00dfe,<\/div>\n<\/div>\n<div class=\"o9v6fnle cxmmr5t8 oygrvhab hcukyx3x c1et5uql ii04i59q\">\n<div dir=\"auto\">Christine Limb\u00f6ck (Caritas Peine) &amp; Caroline G\u00e4rtner (INCA) &amp; Henning Meyer (Familien f\u00fcr Familien)<\/div>\n<\/div>\n<\/div>\n<\/div>\n<\/div>\n<\/div>\n","protected":false},"excerpt":{"rendered":"<p>Runder Tisch \u2013 Informationsaustausch Wir wollen unseren Runden Tisch der Fl\u00fcchtlingshilfe wieder neu \u201eaufleben\u201c lassen und freuen uns, bei dem Treffen viele alte, aber auch neue Mitstreiter*innen willkommen zu hei\u00dfen! https:\/\/www.paz-online.de\/&#8230;\/Runder-Tisch&#8230; Wo? \u00a0\u00a0\u00a0\u00a0 Im Gemeindehaus der Friedenskirche in der Eichendorffstra\u00dfe 6 Wann? Am 15.10.21 ab 17:00 Uhr (im Anschluss an INCA) Wir freuen uns auf [&hellip;]<\/p>\n","protected":false},"author":4,"featured_media":0,"comment_status":"open","ping_status":"closed","template":"","meta":{"footnotes":""},"tags":[],"tribe_events_cat":[],"class_list":["post-1546","tribe_events","type-tribe_events","status-publish","czr-hentry"],"translation":{"provider":"WPGlobus","version":"3.0.1","language":"en","enabled_languages":["de","en"],"languages":{"de":{"title":true,"content":true,"excerpt":false},"en":{"title":false,"content":false,"excerpt":false}}},"yoast_head":"<!-- This site is optimized with the Yoast SEO plugin v22.7 - https:\/\/yoast.com\/wordpress\/plugins\/seo\/ -->\n<title>Wie schaffen wir eine (neue) Willkommenskultur in Peine? - Familien f\u00fcr Familien e.V.<\/title>\n<meta name=\"robots\" content=\"index, follow, max-snippet:-1, max-image-preview:large, max-video-preview:-1\" \/>\n<link rel=\"canonical\" href=\"http:\/\/www.familien-fuer-familien.eu\/en\/termin\/wie-schaffen-wir-eine-neue-willkommenskultur-in-peine\/\" \/>\n<meta property=\"og:locale\" content=\"en_US\" \/>\n<meta property=\"og:type\" content=\"article\" \/>\n<meta property=\"og:title\" content=\"Wie schaffen wir eine (neue) Willkommenskultur in Peine? - Familien f\u00fcr Familien e.V.\" \/>\n<meta property=\"og:url\" content=\"http:\/\/www.familien-fuer-familien.eu\/en\/termin\/wie-schaffen-wir-eine-neue-willkommenskultur-in-peine\/\" \/>\n<meta property=\"og:site_name\" content=\"Familien f\u00fcr Familien e.V.\" \/>\n<meta property=\"article:modified_time\" content=\"2021-10-10T17:27:32+00:00\" \/>\n<meta property=\"og:image\" content=\"http:\/\/www.familien-fuer-familien.eu\/wp-content\/uploads\/2021\/10\/2021-09-runderTisch-300x169.jpg\" \/>\n<meta name=\"twitter:card\" content=\"summary_large_image\" \/>\n<script type=\"application\/ld+json\" class=\"yoast-schema-graph\">{\"@context\":\"https:\/\/schema.org\",\"@graph\":[{\"@type\":\"WebPage\",\"@id\":\"http:\/\/www.familien-fuer-familien.eu\/en\/termin\/wie-schaffen-wir-eine-neue-willkommenskultur-in-peine\/\",\"url\":\"http:\/\/www.familien-fuer-familien.eu\/en\/termin\/wie-schaffen-wir-eine-neue-willkommenskultur-in-peine\/\",\"name\":\"Wie schaffen wir eine (neue) Willkommenskultur in Peine? - Familien f\u00fcr Familien e.V.\",\"isPartOf\":{\"@id\":\"http:\/\/www.familien-fuer-familien.eu\/#website\"},\"primaryImageOfPage\":{\"@id\":\"http:\/\/www.familien-fuer-familien.eu\/en\/termin\/wie-schaffen-wir-eine-neue-willkommenskultur-in-peine\/#primaryimage\"},\"image\":{\"@id\":\"http:\/\/www.familien-fuer-familien.eu\/en\/termin\/wie-schaffen-wir-eine-neue-willkommenskultur-in-peine\/#primaryimage\"},\"thumbnailUrl\":\"http:\/\/www.familien-fuer-familien.eu\/wp-content\/uploads\/2021\/10\/2021-09-runderTisch-300x169.jpg\",\"datePublished\":\"2021-10-10T17:25:41+00:00\",\"dateModified\":\"2021-10-10T17:27:32+00:00\",\"breadcrumb\":{\"@id\":\"http:\/\/www.familien-fuer-familien.eu\/en\/termin\/wie-schaffen-wir-eine-neue-willkommenskultur-in-peine\/#breadcrumb\"},\"inLanguage\":\"en-US\",\"potentialAction\":[{\"@type\":\"ReadAction\",\"target\":[\"http:\/\/www.familien-fuer-familien.eu\/en\/termin\/wie-schaffen-wir-eine-neue-willkommenskultur-in-peine\/\"]}]},{\"@type\":\"ImageObject\",\"inLanguage\":\"en-US\",\"@id\":\"http:\/\/www.familien-fuer-familien.eu\/en\/termin\/wie-schaffen-wir-eine-neue-willkommenskultur-in-peine\/#primaryimage\",\"url\":\"http:\/\/www.familien-fuer-familien.eu\/wp-content\/uploads\/2021\/10\/2021-09-runderTisch-300x169.jpg\",\"contentUrl\":\"http:\/\/www.familien-fuer-familien.eu\/wp-content\/uploads\/2021\/10\/2021-09-runderTisch-300x169.jpg\"},{\"@type\":\"BreadcrumbList\",\"@id\":\"http:\/\/www.familien-fuer-familien.eu\/en\/termin\/wie-schaffen-wir-eine-neue-willkommenskultur-in-peine\/#breadcrumb\",\"itemListElement\":[{\"@type\":\"ListItem\",\"position\":1,\"name\":\"Home\",\"item\":\"http:\/\/www.familien-fuer-familien.eu\/\"},{\"@type\":\"ListItem\",\"position\":2,\"name\":\"Veranstaltungen\",\"item\":\"http:\/\/www.familien-fuer-familien.eu\/termine\/\"},{\"@type\":\"ListItem\",\"position\":3,\"name\":\"Wie schaffen wir eine (neue) Willkommenskultur in Peine?\"}]},{\"@type\":\"WebSite\",\"@id\":\"http:\/\/www.familien-fuer-familien.eu\/#website\",\"url\":\"http:\/\/www.familien-fuer-familien.eu\/\",\"name\":\"Familien f\u00fcr Familien e.V.\",\"description\":\"Arriving is just the start - we continue\",\"potentialAction\":[{\"@type\":\"SearchAction\",\"target\":{\"@type\":\"EntryPoint\",\"urlTemplate\":\"http:\/\/www.familien-fuer-familien.eu\/?s={search_term_string}\"},\"query-input\":\"required name=search_term_string\"}],\"inLanguage\":\"en-US\"}]}<\/script>\n<!-- \/ Yoast SEO plugin. -->","yoast_head_json":{"title":"Wie schaffen wir eine (neue) Willkommenskultur in Peine? - Familien f\u00fcr Familien e.V.","robots":{"index":"index","follow":"follow","max-snippet":"max-snippet:-1","max-image-preview":"max-image-preview:large","max-video-preview":"max-video-preview:-1"},"canonical":"http:\/\/www.familien-fuer-familien.eu\/en\/termin\/wie-schaffen-wir-eine-neue-willkommenskultur-in-peine\/","og_locale":"en_US","og_type":"article","og_title":"Wie schaffen wir eine (neue) Willkommenskultur in Peine? - Familien f\u00fcr Familien e.V.","og_url":"http:\/\/www.familien-fuer-familien.eu\/en\/termin\/wie-schaffen-wir-eine-neue-willkommenskultur-in-peine\/","og_site_name":"Familien f\u00fcr Familien e.V.","article_modified_time":"2021-10-10T17:27:32+00:00","og_image":[{"url":"http:\/\/www.familien-fuer-familien.eu\/wp-content\/uploads\/2021\/10\/2021-09-runderTisch-300x169.jpg"}],"twitter_card":"summary_large_image","schema":{"@context":"https:\/\/schema.org","@graph":[{"@type":"WebPage","@id":"http:\/\/www.familien-fuer-familien.eu\/en\/termin\/wie-schaffen-wir-eine-neue-willkommenskultur-in-peine\/","url":"http:\/\/www.familien-fuer-familien.eu\/en\/termin\/wie-schaffen-wir-eine-neue-willkommenskultur-in-peine\/","name":"Wie schaffen wir eine (neue) Willkommenskultur in Peine? - Familien f\u00fcr Familien e.V.","isPartOf":{"@id":"http:\/\/www.familien-fuer-familien.eu\/#website"},"primaryImageOfPage":{"@id":"http:\/\/www.familien-fuer-familien.eu\/en\/termin\/wie-schaffen-wir-eine-neue-willkommenskultur-in-peine\/#primaryimage"},"image":{"@id":"http:\/\/www.familien-fuer-familien.eu\/en\/termin\/wie-schaffen-wir-eine-neue-willkommenskultur-in-peine\/#primaryimage"},"thumbnailUrl":"http:\/\/www.familien-fuer-familien.eu\/wp-content\/uploads\/2021\/10\/2021-09-runderTisch-300x169.jpg","datePublished":"2021-10-10T17:25:41+00:00","dateModified":"2021-10-10T17:27:32+00:00","breadcrumb":{"@id":"http:\/\/www.familien-fuer-familien.eu\/en\/termin\/wie-schaffen-wir-eine-neue-willkommenskultur-in-peine\/#breadcrumb"},"inLanguage":"en-US","potentialAction":[{"@type":"ReadAction","target":["http:\/\/www.familien-fuer-familien.eu\/en\/termin\/wie-schaffen-wir-eine-neue-willkommenskultur-in-peine\/"]}]},{"@type":"ImageObject","inLanguage":"en-US","@id":"http:\/\/www.familien-fuer-familien.eu\/en\/termin\/wie-schaffen-wir-eine-neue-willkommenskultur-in-peine\/#primaryimage","url":"http:\/\/www.familien-fuer-familien.eu\/wp-content\/uploads\/2021\/10\/2021-09-runderTisch-300x169.jpg","contentUrl":"http:\/\/www.familien-fuer-familien.eu\/wp-content\/uploads\/2021\/10\/2021-09-runderTisch-300x169.jpg"},{"@type":"BreadcrumbList","@id":"http:\/\/www.familien-fuer-familien.eu\/en\/termin\/wie-schaffen-wir-eine-neue-willkommenskultur-in-peine\/#breadcrumb","itemListElement":[{"@type":"ListItem","position":1,"name":"Home","item":"http:\/\/www.familien-fuer-familien.eu\/"},{"@type":"ListItem","position":2,"name":"Veranstaltungen","item":"http:\/\/www.familien-fuer-familien.eu\/termine\/"},{"@type":"ListItem","position":3,"name":"Wie schaffen wir eine (neue) Willkommenskultur in Peine?"}]},{"@type":"WebSite","@id":"http:\/\/www.familien-fuer-familien.eu\/#website","url":"http:\/\/www.familien-fuer-familien.eu\/","name":"Familien f\u00fcr Familien e.V.","description":"Arriving is just the start - we continue","potentialAction":[{"@type":"SearchAction","target":{"@type":"EntryPoint","urlTemplate":"http:\/\/www.familien-fuer-familien.eu\/?s={search_term_string}"},"query-input":"required name=search_term_string"}],"inLanguage":"en-US"}]}},"_links":{"self":[{"href":"http:\/\/www.familien-fuer-familien.eu\/en\/wp-json\/wp\/v2\/tribe_events\/1546","targetHints":{"allow":["GET"]}}],"collection":[{"href":"http:\/\/www.familien-fuer-familien.eu\/en\/wp-json\/wp\/v2\/tribe_events"}],"about":[{"href":"http:\/\/www.familien-fuer-familien.eu\/en\/wp-json\/wp\/v2\/types\/tribe_events"}],"author":[{"embeddable":true,"href":"http:\/\/www.familien-fuer-familien.eu\/en\/wp-json\/wp\/v2\/users\/4"}],"replies":[{"embeddable":true,"href":"http:\/\/www.familien-fuer-familien.eu\/en\/wp-json\/wp\/v2\/comments?post=1546"}],"version-history":[{"count":3,"href":"http:\/\/www.familien-fuer-familien.eu\/en\/wp-json\/wp\/v2\/tribe_events\/1546\/revisions"}],"predecessor-version":[{"id":1549,"href":"http:\/\/www.familien-fuer-familien.eu\/en\/wp-json\/wp\/v2\/tribe_events\/1546\/revisions\/1549"}],"wp:attachment":[{"href":"http:\/\/www.familien-fuer-familien.eu\/en\/wp-json\/wp\/v2\/media?parent=1546"}],"wp:term":[{"taxonomy":"post_tag","embeddable":true,"href":"http:\/\/www.familien-fuer-familien.eu\/en\/wp-json\/wp\/v2\/tags?post=1546"},{"taxonomy":"tribe_events_cat","embeddable":true,"href":"http:\/\/www.familien-fuer-familien.eu\/en\/wp-json\/wp\/v2\/tribe_events_cat?post=1546"}],"curies":[{"name":"wp","href":"https:\/\/api.w.org\/{rel}","templated":true}]}}